{"id":1201,"date":"2020-10-05T16:58:15","date_gmt":"2020-10-05T14:58:15","guid":{"rendered":"http:\/\/www.gicot.ch\/website\/?page_id=1201"},"modified":"2020-11-27T12:37:17","modified_gmt":"2020-11-27T10:37:17","slug":"portfolio-bis","status":"publish","type":"page","link":"http:\/\/www.gicot.ch\/website\/portfolio-bis\/","title":{"rendered":"Nos r\u00e9alisations"},"content":{"rendered":"\n<p>Pr\u00e9sentation de nos r\u00e9alisations finalis\u00e9es.<\/p>\n\n\n\n<p><\/p>\n\n\n\n<div class=\"wp-block-media-text alignwide is-stacked-on-mobile\"><figure class=\"wp-block-media-text__media\"><a href=\"http:\/\/www.gicot.ch\/website\/chantier-tea\/\"><img decoding=\"async\" loading=\"lazy\" width=\"1000\" height=\"749\" src=\"http:\/\/www.gicot.ch\/website\/wp-content\/uploads\/2020\/11\/Villas-Thea-drone-1.jpg\" alt=\"\" class=\"wp-image-1845\" srcset=\"http:\/\/www.gicot.ch\/website\/wp-content\/uploads\/2020\/11\/Villas-Thea-drone-1.jpg 1000w, http:\/\/www.gicot.ch\/website\/wp-content\/uploads\/2020\/11\/Villas-Thea-drone-1-300x225.jpg 300w, http:\/\/www.gicot.ch\/website\/wp-content\/uploads\/2020\/11\/Villas-Thea-drone-1-768x575.jpg 768w\" sizes=\"(max-width: 767px) 89vw, (max-width: 1000px) 54vw, (max-width: 1071px) 543px, 580px\" \/><\/a><\/figure><div class=\"wp-block-media-text__content\">\n<p class=\"has-text-align-right has-vivid-red-color has-text-color has-large-font-size\">Le landeron<\/p>\n\n\n\n<p class=\"has-text-align-right\">Villa Th\u00e9a<\/p>\n<\/div><\/div>\n\n\n\n<div class=\"wp-block-media-text alignwide has-media-on-the-right is-stacked-on-mobile\"><figure class=\"wp-block-media-text__media\"><a href=\"http:\/\/www.gicot.ch\/website\/dr-gartenmann\/\"><img decoding=\"async\" loading=\"lazy\" width=\"1000\" height=\"749\" src=\"http:\/\/www.gicot.ch\/website\/wp-content\/uploads\/2020\/10\/Le-Faubourg54.jpg\" alt=\"\" class=\"wp-image-1577\" srcset=\"http:\/\/www.gicot.ch\/website\/wp-content\/uploads\/2020\/10\/Le-Faubourg54.jpg 1000w, http:\/\/www.gicot.ch\/website\/wp-content\/uploads\/2020\/10\/Le-Faubourg54-300x225.jpg 300w, http:\/\/www.gicot.ch\/website\/wp-content\/uploads\/2020\/10\/Le-Faubourg54-768x575.jpg 768w\" sizes=\"(max-width: 767px) 89vw, (max-width: 1000px) 54vw, (max-width: 1071px) 543px, 580px\" \/><\/a><\/figure><div class=\"wp-block-media-text__content\">\n<p class=\"has-vivid-red-color has-text-color has-large-font-size\">Le Landeron<\/p>\n\n\n\n<p>Le Faubourg<\/p>\n<\/div><\/div>\n\n\n\n<div class=\"wp-block-media-text alignwide is-stacked-on-mobile\"><figure class=\"wp-block-media-text__media\"><a href=\"http:\/\/www.gicot.ch\/website\/villa-maffei\/\"><img decoding=\"async\" loading=\"lazy\" width=\"1000\" height=\"749\" src=\"http:\/\/www.gicot.ch\/website\/wp-content\/uploads\/2020\/10\/Chemin-des-Broillets-5.jpg\" alt=\"\" class=\"wp-image-1588\" srcset=\"http:\/\/www.gicot.ch\/website\/wp-content\/uploads\/2020\/10\/Chemin-des-Broillets-5.jpg 1000w, http:\/\/www.gicot.ch\/website\/wp-content\/uploads\/2020\/10\/Chemin-des-Broillets-5-300x225.jpg 300w, http:\/\/www.gicot.ch\/website\/wp-content\/uploads\/2020\/10\/Chemin-des-Broillets-5-768x575.jpg 768w\" sizes=\"(max-width: 767px) 89vw, (max-width: 1000px) 54vw, (max-width: 1071px) 543px, 580px\" \/><\/a><\/figure><div class=\"wp-block-media-text__content\">\n<p class=\"has-text-align-right has-vivid-red-color has-text-color has-large-font-size\">Cressier<\/p>\n\n\n\n<p class=\"has-text-align-right\">Chemin des Broillets<\/p>\n<\/div><\/div>\n\n\n\n<div class=\"wp-block-media-text alignwide has-media-on-the-right is-stacked-on-mobile\"><figure class=\"wp-block-media-text__media\"><a href=\"http:\/\/www.gicot.ch\/website\/auberson\/\"><img decoding=\"async\" loading=\"lazy\" width=\"1000\" height=\"562\" src=\"http:\/\/www.gicot.ch\/website\/wp-content\/uploads\/2020\/10\/Auberson-7.jpg\" alt=\"\" class=\"wp-image-1272\" srcset=\"http:\/\/www.gicot.ch\/website\/wp-content\/uploads\/2020\/10\/Auberson-7.jpg 1000w, http:\/\/www.gicot.ch\/website\/wp-content\/uploads\/2020\/10\/Auberson-7-300x169.jpg 300w, http:\/\/www.gicot.ch\/website\/wp-content\/uploads\/2020\/10\/Auberson-7-768x432.jpg 768w\" sizes=\"(max-width: 767px) 89vw, (max-width: 1000px) 54vw, (max-width: 1071px) 543px, 580px\" \/><\/a><\/figure><div class=\"wp-block-media-text__content\">\n<p class=\"has-vivid-red-color has-text-color has-large-font-size\">Le Landeron<\/p>\n\n\n\n<p>Chemin des Roches<\/p>\n<\/div><\/div>\n\n\n\n<div class=\"wp-block-media-text alignwide is-stacked-on-mobile\"><figure class=\"wp-block-media-text__media\"><a href=\"http:\/\/www.gicot.ch\/website\/residence-emeraude-2\/\"><img decoding=\"async\" loading=\"lazy\" width=\"1000\" height=\"562\" src=\"http:\/\/www.gicot.ch\/website\/wp-content\/uploads\/2020\/10\/Residence-Emeraude-4.jpg\" alt=\"\" class=\"wp-image-1243\" srcset=\"http:\/\/www.gicot.ch\/website\/wp-content\/uploads\/2020\/10\/Residence-Emeraude-4.jpg 1000w, http:\/\/www.gicot.ch\/website\/wp-content\/uploads\/2020\/10\/Residence-Emeraude-4-300x169.jpg 300w, http:\/\/www.gicot.ch\/website\/wp-content\/uploads\/2020\/10\/Residence-Emeraude-4-768x432.jpg 768w\" sizes=\"(max-width: 767px) 89vw, (max-width: 1000px) 54vw, (max-width: 1071px) 543px, 580px\" \/><\/a><\/figure><div class=\"wp-block-media-text__content\">\n<p class=\"has-text-align-right has-vivid-red-color has-text-color has-large-font-size\">Le Landeron<\/p>\n\n\n\n<p class=\"has-text-align-right\">La Russie<\/p>\n<\/div><\/div>\n\n\n\n<div class=\"wp-block-media-text alignwide has-media-on-the-right is-stacked-on-mobile\"><figure class=\"wp-block-media-text__media\"><a href=\"http:\/\/www.gicot.ch\/website\/les-clouds-est\/\"><img decoding=\"async\" loading=\"lazy\" width=\"1000\" height=\"750\" src=\"http:\/\/www.gicot.ch\/website\/wp-content\/uploads\/2020\/10\/Les-clouds-EST-14.jpg\" alt=\"\" class=\"wp-image-1781\" srcset=\"http:\/\/www.gicot.ch\/website\/wp-content\/uploads\/2020\/10\/Les-clouds-EST-14.jpg 1000w, http:\/\/www.gicot.ch\/website\/wp-content\/uploads\/2020\/10\/Les-clouds-EST-14-300x225.jpg 300w, http:\/\/www.gicot.ch\/website\/wp-content\/uploads\/2020\/10\/Les-clouds-EST-14-768x576.jpg 768w\" sizes=\"(max-width: 767px) 89vw, (max-width: 1000px) 54vw, (max-width: 1071px) 543px, 580px\" \/><\/a><\/figure><div class=\"wp-block-media-text__content\">\n<p class=\"has-text-align-left has-vivid-red-color has-text-color has-large-font-size\">Le Landeron<\/p>\n\n\n\n<p class=\"has-text-align-left\">Les Clouds Est<\/p>\n<\/div><\/div>\n\n\n\n<div class=\"wp-block-media-text alignwide is-stacked-on-mobile\"><figure class=\"wp-block-media-text__media\"><a href=\"http:\/\/www.gicot.ch\/website\/les-clouds-villas-mitoyenne\/\"><img decoding=\"async\" loading=\"lazy\" width=\"1000\" height=\"667\" src=\"http:\/\/www.gicot.ch\/website\/wp-content\/uploads\/2020\/10\/Les-Clouds-11.jpg\" alt=\"\" class=\"wp-image-1328\" srcset=\"http:\/\/www.gicot.ch\/website\/wp-content\/uploads\/2020\/10\/Les-Clouds-11.jpg 1000w, http:\/\/www.gicot.ch\/website\/wp-content\/uploads\/2020\/10\/Les-Clouds-11-300x200.jpg 300w, http:\/\/www.gicot.ch\/website\/wp-content\/uploads\/2020\/10\/Les-Clouds-11-768x512.jpg 768w\" sizes=\"(max-width: 767px) 89vw, (max-width: 1000px) 54vw, (max-width: 1071px) 543px, 580px\" \/><\/a><\/figure><div class=\"wp-block-media-text__content\">\n<p class=\"has-text-align-right has-vivid-red-color has-text-color has-large-font-size\">Le Landeron<\/p>\n\n\n\n<p class=\"has-text-align-right\">Les Clouds Ouest<\/p>\n<\/div><\/div>\n\n\n\n<div class=\"wp-block-media-text alignwide has-media-on-the-right is-stacked-on-mobile\"><figure class=\"wp-block-media-text__media\"><a href=\"http:\/\/www.gicot.ch\/website\/zimmermann\/\"><img decoding=\"async\" loading=\"lazy\" width=\"1000\" height=\"667\" src=\"http:\/\/www.gicot.ch\/website\/wp-content\/uploads\/2020\/10\/Zimmermann-2-1.jpg\" alt=\"\" class=\"wp-image-1405\" srcset=\"http:\/\/www.gicot.ch\/website\/wp-content\/uploads\/2020\/10\/Zimmermann-2-1.jpg 1000w, http:\/\/www.gicot.ch\/website\/wp-content\/uploads\/2020\/10\/Zimmermann-2-1-300x200.jpg 300w, http:\/\/www.gicot.ch\/website\/wp-content\/uploads\/2020\/10\/Zimmermann-2-1-768x512.jpg 768w\" sizes=\"(max-width: 767px) 89vw, (max-width: 1000px) 54vw, (max-width: 1071px) 543px, 580px\" \/><\/a><\/figure><div class=\"wp-block-media-text__content\">\n<p class=\"has-vivid-red-color has-text-color has-large-font-size\">Gampelen<\/p>\n\n\n\n<p>Untereg\u00fcrle<\/p>\n<\/div><\/div>\n\n\n\n<div class=\"wp-block-media-text alignwide is-stacked-on-mobile\"><figure class=\"wp-block-media-text__media\"><a href=\"http:\/\/www.gicot.ch\/website\/vuille\/\"><img decoding=\"async\" loading=\"lazy\" width=\"1000\" height=\"667\" src=\"http:\/\/www.gicot.ch\/website\/wp-content\/uploads\/2020\/10\/Vuille-7.jpg\" alt=\"\" class=\"wp-image-1399\" srcset=\"http:\/\/www.gicot.ch\/website\/wp-content\/uploads\/2020\/10\/Vuille-7.jpg 1000w, http:\/\/www.gicot.ch\/website\/wp-content\/uploads\/2020\/10\/Vuille-7-300x200.jpg 300w, http:\/\/www.gicot.ch\/website\/wp-content\/uploads\/2020\/10\/Vuille-7-768x512.jpg 768w\" sizes=\"(max-width: 767px) 89vw, (max-width: 1000px) 54vw, (max-width: 1071px) 543px, 580px\" \/><\/a><\/figure><div class=\"wp-block-media-text__content\">\n<p class=\"has-text-align-right has-vivid-red-color has-text-color has-large-font-size\">Le Landeron<\/p>\n\n\n\n<p class=\"has-text-align-right\">Rue du Temple<\/p>\n<\/div><\/div>\n\n\n\n<div class=\"wp-block-media-text alignwide has-media-on-the-right is-stacked-on-mobile\"><figure class=\"wp-block-media-text__media\"><a href=\"Viel\"><img decoding=\"async\" loading=\"lazy\" width=\"1000\" height=\"667\" src=\"http:\/\/www.gicot.ch\/website\/wp-content\/uploads\/2020\/10\/Viel-4.jpg\" alt=\"\" class=\"wp-image-1386\" srcset=\"http:\/\/www.gicot.ch\/website\/wp-content\/uploads\/2020\/10\/Viel-4.jpg 1000w, http:\/\/www.gicot.ch\/website\/wp-content\/uploads\/2020\/10\/Viel-4-300x200.jpg 300w, http:\/\/www.gicot.ch\/website\/wp-content\/uploads\/2020\/10\/Viel-4-768x512.jpg 768w\" sizes=\"(max-width: 767px) 89vw, (max-width: 1000px) 54vw, (max-width: 1071px) 543px, 580px\" \/><\/a><\/figure><div class=\"wp-block-media-text__content\">\n<p class=\"has-vivid-red-color has-text-color has-large-font-size\">Coffrane<\/p>\n\n\n\n<p>Sous-la-Vy-du-Noyer<\/p>\n<\/div><\/div>\n\n\n\n<div class=\"wp-block-media-text alignwide is-stacked-on-mobile\"><figure class=\"wp-block-media-text__media\"><a href=\"http:\/\/www.gicot.ch\/website\/modification-de-maison-a-prele\/\"><img decoding=\"async\" loading=\"lazy\" width=\"1000\" height=\"667\" src=\"http:\/\/www.gicot.ch\/website\/wp-content\/uploads\/2020\/10\/Vasconi-2.jpg\" alt=\"\" class=\"wp-image-1377\" srcset=\"http:\/\/www.gicot.ch\/website\/wp-content\/uploads\/2020\/10\/Vasconi-2.jpg 1000w, http:\/\/www.gicot.ch\/website\/wp-content\/uploads\/2020\/10\/Vasconi-2-300x200.jpg 300w, http:\/\/www.gicot.ch\/website\/wp-content\/uploads\/2020\/10\/Vasconi-2-768x512.jpg 768w\" sizes=\"(max-width: 767px) 89vw, (max-width: 1000px) 54vw, (max-width: 1071px) 543px, 580px\" \/><\/a><\/figure><div class=\"wp-block-media-text__content\">\n<p class=\"has-text-align-right has-vivid-red-color has-text-color has-large-font-size\">Pr\u00eales<\/p>\n\n\n\n<p class=\"has-text-align-right\">Vue des Alpes<\/p>\n<\/div><\/div>\n\n\n\n<div class=\"wp-block-media-text alignwide has-media-on-the-right is-stacked-on-mobile\"><figure class=\"wp-block-media-text__media\"><a href=\"http:\/\/www.gicot.ch\/website\/route-du-chateau\/\"><img decoding=\"async\" loading=\"lazy\" width=\"1000\" height=\"667\" src=\"http:\/\/www.gicot.ch\/website\/wp-content\/uploads\/2020\/10\/RT-DU-CHATEAU-2-1.jpg\" alt=\"\" class=\"wp-image-1356\" srcset=\"http:\/\/www.gicot.ch\/website\/wp-content\/uploads\/2020\/10\/RT-DU-CHATEAU-2-1.jpg 1000w, http:\/\/www.gicot.ch\/website\/wp-content\/uploads\/2020\/10\/RT-DU-CHATEAU-2-1-300x200.jpg 300w, http:\/\/www.gicot.ch\/website\/wp-content\/uploads\/2020\/10\/RT-DU-CHATEAU-2-1-768x512.jpg 768w\" sizes=\"(max-width: 767px) 89vw, (max-width: 1000px) 54vw, (max-width: 1071px) 543px, 580px\" \/><\/a><\/figure><div class=\"wp-block-media-text__content\">\n<p class=\"has-vivid-red-color has-text-color has-large-font-size\">La Neuveville<\/p>\n\n\n\n<p>Route du Ch\u00e2teau<\/p>\n<\/div><\/div>\n\n\n\n<div class=\"wp-block-media-text alignwide is-stacked-on-mobile\"><figure class=\"wp-block-media-text__media\"><a href=\"http:\/\/www.gicot.ch\/website\/morel\/\"><img decoding=\"async\" loading=\"lazy\" width=\"1000\" height=\"667\" src=\"http:\/\/www.gicot.ch\/website\/wp-content\/uploads\/2020\/10\/Morel-7.jpg\" alt=\"\" class=\"wp-image-1349\" srcset=\"http:\/\/www.gicot.ch\/website\/wp-content\/uploads\/2020\/10\/Morel-7.jpg 1000w, http:\/\/www.gicot.ch\/website\/wp-content\/uploads\/2020\/10\/Morel-7-300x200.jpg 300w, http:\/\/www.gicot.ch\/website\/wp-content\/uploads\/2020\/10\/Morel-7-768x512.jpg 768w\" sizes=\"(max-width: 767px) 89vw, (max-width: 1000px) 54vw, (max-width: 1071px) 543px, 580px\" \/><\/a><\/figure><div class=\"wp-block-media-text__content\">\n<p class=\"has-text-align-right has-vivid-red-color has-text-color has-large-font-size\">Wavre<\/p>\n<\/div><\/div>\n\n\n\n<div class=\"wp-block-media-text alignwide has-media-on-the-right is-stacked-on-mobile\"><figure class=\"wp-block-media-text__media\"><a href=\"http:\/\/www.gicot.ch\/website\/linder\/\"><img decoding=\"async\" loading=\"lazy\" width=\"1000\" height=\"667\" src=\"http:\/\/www.gicot.ch\/website\/wp-content\/uploads\/2020\/10\/Linder-3.jpg\" alt=\"\" class=\"wp-image-1337\" srcset=\"http:\/\/www.gicot.ch\/website\/wp-content\/uploads\/2020\/10\/Linder-3.jpg 1000w, http:\/\/www.gicot.ch\/website\/wp-content\/uploads\/2020\/10\/Linder-3-300x200.jpg 300w, http:\/\/www.gicot.ch\/website\/wp-content\/uploads\/2020\/10\/Linder-3-768x512.jpg 768w\" sizes=\"(max-width: 767px) 89vw, (max-width: 1000px) 54vw, (max-width: 1071px) 543px, 580px\" \/><\/a><\/figure><div class=\"wp-block-media-text__content\">\n<p class=\"has-vivid-red-color has-text-color has-large-font-size\">Le Landeron<\/p>\n\n\n\n<p>Chemin des Chipres<\/p>\n<\/div><\/div>\n\n\n\n<div class=\"wp-block-media-text alignwide is-stacked-on-mobile\"><figure class=\"wp-block-media-text__media\"><a href=\"http:\/\/www.gicot.ch\/website\/hummer\/\"><img decoding=\"async\" loading=\"lazy\" width=\"1000\" height=\"667\" src=\"http:\/\/www.gicot.ch\/website\/wp-content\/uploads\/2020\/10\/Humer-7.jpg\" alt=\"\" class=\"wp-image-1314\" srcset=\"http:\/\/www.gicot.ch\/website\/wp-content\/uploads\/2020\/10\/Humer-7.jpg 1000w, http:\/\/www.gicot.ch\/website\/wp-content\/uploads\/2020\/10\/Humer-7-300x200.jpg 300w, http:\/\/www.gicot.ch\/website\/wp-content\/uploads\/2020\/10\/Humer-7-768x512.jpg 768w\" sizes=\"(max-width: 767px) 89vw, (max-width: 1000px) 54vw, (max-width: 1071px) 543px, 580px\" \/><\/a><\/figure><div class=\"wp-block-media-text__content\">\n<p class=\"has-text-align-right has-vivid-red-color has-text-color has-large-font-size\">Pr\u00eales<\/p>\n\n\n\n<p>Sur le Souhait<\/p>\n<\/div><\/div>\n\n\n\n<div class=\"wp-block-media-text alignwide has-media-on-the-right is-stacked-on-mobile\"><figure class=\"wp-block-media-text__media\"><a href=\"http:\/\/www.gicot.ch\/website\/le-hangard\/\"><img decoding=\"async\" loading=\"lazy\" width=\"1000\" height=\"667\" src=\"http:\/\/www.gicot.ch\/website\/wp-content\/uploads\/2020\/10\/Hangard-2.jpg\" alt=\"\" class=\"wp-image-1303\" srcset=\"http:\/\/www.gicot.ch\/website\/wp-content\/uploads\/2020\/10\/Hangard-2.jpg 1000w, http:\/\/www.gicot.ch\/website\/wp-content\/uploads\/2020\/10\/Hangard-2-300x200.jpg 300w, http:\/\/www.gicot.ch\/website\/wp-content\/uploads\/2020\/10\/Hangard-2-768x512.jpg 768w\" sizes=\"(max-width: 767px) 89vw, (max-width: 1000px) 54vw, (max-width: 1071px) 543px, 580px\" \/><\/a><\/figure><div class=\"wp-block-media-text__content\">\n<p class=\"has-vivid-red-color has-text-color has-large-font-size\">Le Landeron<\/p>\n\n\n\n<p>Route de La Neuveville<\/p>\n<\/div><\/div>\n\n\n\n<div class=\"wp-block-media-text alignwide is-stacked-on-mobile\" style=\"grid-template-columns:54% auto\"><figure class=\"wp-block-media-text__media\"><a href=\"http:\/\/www.gicot.ch\/website\/conrad\/\"><img decoding=\"async\" loading=\"lazy\" width=\"1000\" height=\"667\" src=\"http:\/\/www.gicot.ch\/website\/wp-content\/uploads\/2020\/10\/Conrad.jpg\" alt=\"\" class=\"wp-image-1302\" srcset=\"http:\/\/www.gicot.ch\/website\/wp-content\/uploads\/2020\/10\/Conrad.jpg 1000w, http:\/\/www.gicot.ch\/website\/wp-content\/uploads\/2020\/10\/Conrad-300x200.jpg 300w, http:\/\/www.gicot.ch\/website\/wp-content\/uploads\/2020\/10\/Conrad-768x512.jpg 768w\" sizes=\"(max-width: 767px) 89vw, (max-width: 1000px) 54vw, (max-width: 1071px) 543px, 580px\" \/><\/a><\/figure><div class=\"wp-block-media-text__content\">\n<p class=\"has-text-align-right has-vivid-red-color has-text-color has-large-font-size\">Cernier<\/p>\n\n\n\n<p class=\"has-text-align-right\">Rue des Jonquilles<\/p>\n<\/div><\/div>\n\n\n\n<div class=\"wp-block-media-text alignwide has-media-on-the-right is-stacked-on-mobile\"><figure class=\"wp-block-media-text__media\"><a href=\"http:\/\/www.gicot.ch\/website\/chemin-des-sauges\/\"><img decoding=\"async\" loading=\"lazy\" width=\"1000\" height=\"667\" src=\"http:\/\/www.gicot.ch\/website\/wp-content\/uploads\/2020\/10\/Ch.-des-Sauges3.jpg\" alt=\"\" class=\"wp-image-1289\" srcset=\"http:\/\/www.gicot.ch\/website\/wp-content\/uploads\/2020\/10\/Ch.-des-Sauges3.jpg 1000w, http:\/\/www.gicot.ch\/website\/wp-content\/uploads\/2020\/10\/Ch.-des-Sauges3-300x200.jpg 300w, http:\/\/www.gicot.ch\/website\/wp-content\/uploads\/2020\/10\/Ch.-des-Sauges3-768x512.jpg 768w\" sizes=\"(max-width: 767px) 89vw, (max-width: 1000px) 54vw, (max-width: 1071px) 543px, 580px\" \/><\/a><\/figure><div class=\"wp-block-media-text__content\">\n<p class=\"has-vivid-red-color has-text-color has-large-font-size\">Le Landeron<\/p>\n\n\n\n<p>Chemin des Sauges<\/p>\n<\/div><\/div>\n\n\n\n<div class=\"wp-block-media-text alignwide is-stacked-on-mobile\"><figure class=\"wp-block-media-text__media\"><a href=\"http:\/\/www.gicot.ch\/website\/buri\/\"><img decoding=\"async\" loading=\"lazy\" width=\"1000\" height=\"667\" src=\"http:\/\/www.gicot.ch\/website\/wp-content\/uploads\/2020\/10\/Buri-5.jpg\" alt=\"\" class=\"wp-image-1285\" srcset=\"http:\/\/www.gicot.ch\/website\/wp-content\/uploads\/2020\/10\/Buri-5.jpg 1000w, http:\/\/www.gicot.ch\/website\/wp-content\/uploads\/2020\/10\/Buri-5-300x200.jpg 300w, http:\/\/www.gicot.ch\/website\/wp-content\/uploads\/2020\/10\/Buri-5-768x512.jpg 768w\" sizes=\"(max-width: 767px) 89vw, (max-width: 1000px) 54vw, (max-width: 1071px) 543px, 580px\" \/><\/a><\/figure><div class=\"wp-block-media-text__content\">\n<p class=\"has-text-align-right has-vivid-red-color has-text-color has-large-font-size\">Le Landeron<\/p>\n\n\n\n<p class=\"has-text-align-right\">Chemin des Roches<\/p>\n<\/div><\/div>\n\n\n\n<div class=\"wp-block-media-text alignwide has-media-on-the-right is-stacked-on-mobile\"><figure class=\"wp-block-media-text__media\"><a href=\"http:\/\/www.gicot.ch\/website\/buhler\/\"><img decoding=\"async\" loading=\"lazy\" width=\"1000\" height=\"574\" src=\"http:\/\/www.gicot.ch\/website\/wp-content\/uploads\/2020\/10\/Buhler-5.jpg\" alt=\"\" class=\"wp-image-1280\" srcset=\"http:\/\/www.gicot.ch\/website\/wp-content\/uploads\/2020\/10\/Buhler-5.jpg 1000w, http:\/\/www.gicot.ch\/website\/wp-content\/uploads\/2020\/10\/Buhler-5-300x172.jpg 300w, http:\/\/www.gicot.ch\/website\/wp-content\/uploads\/2020\/10\/Buhler-5-768x441.jpg 768w\" sizes=\"(max-width: 767px) 89vw, (max-width: 1000px) 54vw, (max-width: 1071px) 543px, 580px\" \/><\/a><\/figure><div class=\"wp-block-media-text__content\">\n<p class=\"has-vivid-red-color has-text-color has-large-font-size\">Le Landeron<\/p>\n\n\n\n<p>Chemin des Roches<\/p>\n<\/div><\/div>\n\n\n\n<div class=\"wp-block-media-text alignwide is-stacked-on-mobile\"><figure class=\"wp-block-media-text__media\"><a href=\"http:\/\/www.gicot.ch\/website\/route-du-joran\/\"><img decoding=\"async\" loading=\"lazy\" width=\"1000\" height=\"667\" src=\"http:\/\/www.gicot.ch\/website\/wp-content\/uploads\/2020\/10\/Ch.-des-Sauges5.jpg\" alt=\"\" class=\"wp-image-1291\" srcset=\"http:\/\/www.gicot.ch\/website\/wp-content\/uploads\/2020\/10\/Ch.-des-Sauges5.jpg 1000w, http:\/\/www.gicot.ch\/website\/wp-content\/uploads\/2020\/10\/Ch.-des-Sauges5-300x200.jpg 300w, http:\/\/www.gicot.ch\/website\/wp-content\/uploads\/2020\/10\/Ch.-des-Sauges5-768x512.jpg 768w\" sizes=\"(max-width: 767px) 89vw, (max-width: 1000px) 54vw, (max-width: 1071px) 543px, 580px\" \/><\/a><\/figure><div class=\"wp-block-media-text__content\">\n<p class=\"has-text-align-right has-vivid-red-color has-text-color has-large-font-size\">Le Landeron <\/p>\n\n\n\n<p class=\"has-text-align-right\">Chemin des Sauges<\/p>\n<\/div><\/div>\n\n\n\n<div class=\"wp-block-media-text alignwide has-media-on-the-right is-stacked-on-mobile\"><figure class=\"wp-block-media-text__media\"><a href=\"http:\/\/www.gicot.ch\/website\/chemin-des-rochettes\/\"><img decoding=\"async\" loading=\"lazy\" width=\"1000\" height=\"667\" src=\"http:\/\/www.gicot.ch\/website\/wp-content\/uploads\/2020\/10\/Cornaux-4.jpg\" alt=\"\" class=\"wp-image-1794\" srcset=\"http:\/\/www.gicot.ch\/website\/wp-content\/uploads\/2020\/10\/Cornaux-4.jpg 1000w, http:\/\/www.gicot.ch\/website\/wp-content\/uploads\/2020\/10\/Cornaux-4-300x200.jpg 300w, http:\/\/www.gicot.ch\/website\/wp-content\/uploads\/2020\/10\/Cornaux-4-768x512.jpg 768w\" sizes=\"(max-width: 767px) 89vw, (max-width: 1000px) 54vw, (max-width: 1071px) 543px, 580px\" \/><\/a><\/figure><div class=\"wp-block-media-text__content\">\n<p class=\"has-text-align-left has-vivid-red-color has-text-color has-large-font-size\">Cornaux<\/p>\n\n\n\n<p class=\"has-text-align-left\">Chemin des Rochettes<\/p>\n<\/div><\/div>\n\n\n\n<div class=\"wp-block-media-text alignwide is-stacked-on-mobile\" style=\"grid-template-columns:52% auto\"><figure class=\"wp-block-media-text__media\"><a href=\"http:\/\/www.gicot.ch\/website\/3-villas-mitoyenne\/\"><img decoding=\"async\" loading=\"lazy\" width=\"1000\" height=\"485\" src=\"http:\/\/www.gicot.ch\/website\/wp-content\/uploads\/2020\/10\/rt-du-Chateau.jpg\" alt=\"\" class=\"wp-image-1266\" srcset=\"http:\/\/www.gicot.ch\/website\/wp-content\/uploads\/2020\/10\/rt-du-Chateau.jpg 1000w, http:\/\/www.gicot.ch\/website\/wp-content\/uploads\/2020\/10\/rt-du-Chateau-300x146.jpg 300w, http:\/\/www.gicot.ch\/website\/wp-content\/uploads\/2020\/10\/rt-du-Chateau-768x372.jpg 768w\" sizes=\"(max-width: 767px) 89vw, (max-width: 1000px) 54vw, (max-width: 1071px) 543px, 580px\" \/><\/a><\/figure><div class=\"wp-block-media-text__content\">\n<p class=\"has-text-align-right has-vivid-red-color has-text-color has-large-font-size\">Le Landeron<\/p>\n\n\n\n<p class=\"has-text-align-right\">Route de La Neuveville<\/p>\n<\/div><\/div>\n\n\n\n<div class=\"wp-block-media-text alignwide has-media-on-the-right is-stacked-on-mobile\"><figure class=\"wp-block-media-text__media\"><a href=\"http:\/\/www.gicot.ch\/website\/reamenagement-interieur-dune-villa-au-bord-du-lac-de-bienne-2\/\"><img decoding=\"async\" loading=\"lazy\" width=\"1024\" height=\"768\" src=\"http:\/\/www.gicot.ch\/website\/wp-content\/uploads\/2012\/04\/04_DSC01296-1024x768.jpg\" alt=\"\" class=\"wp-image-1040\" srcset=\"http:\/\/www.gicot.ch\/website\/wp-content\/uploads\/2012\/04\/04_DSC01296-1024x768.jpg 1024w, http:\/\/www.gicot.ch\/website\/wp-content\/uploads\/2012\/04\/04_DSC01296-300x225.jpg 300w, http:\/\/www.gicot.ch\/website\/wp-content\/uploads\/2012\/04\/04_DSC01296-60x45.jpg 60w, http:\/\/www.gicot.ch\/website\/wp-content\/uploads\/2012\/04\/04_DSC01296.jpg 1280w\" sizes=\"(max-width: 767px) 89vw, (max-width: 1000px) 54vw, (max-width: 1071px) 543px, 580px\" \/><\/a><\/figure><div class=\"wp-block-media-text__content\">\n<p class=\"has-text-align-left has-vivid-red-color has-text-color has-large-font-size\">Bienne<\/p>\n<\/div><\/div>\n\n\n\n<div class=\"wp-block-media-text alignwide is-stacked-on-mobile\"><figure class=\"wp-block-media-text__media\"><a href=\"http:\/\/www.gicot.ch\/website\/verriere-au-landeron\/\"><img decoding=\"async\" loading=\"lazy\" width=\"1024\" height=\"768\" src=\"http:\/\/www.gicot.ch\/website\/wp-content\/uploads\/2012\/04\/1200x900-02219-1024x768.jpg\" alt=\"\" class=\"wp-image-597\" srcset=\"http:\/\/www.gicot.ch\/website\/wp-content\/uploads\/2012\/04\/1200x900-02219-1024x768.jpg 1024w, http:\/\/www.gicot.ch\/website\/wp-content\/uploads\/2012\/04\/1200x900-02219-300x225.jpg 300w, http:\/\/www.gicot.ch\/website\/wp-content\/uploads\/2012\/04\/1200x900-02219-60x45.jpg 60w, http:\/\/www.gicot.ch\/website\/wp-content\/uploads\/2012\/04\/1200x900-02219-400x300.jpg 400w, http:\/\/www.gicot.ch\/website\/wp-content\/uploads\/2012\/04\/1200x900-02219.jpg 1200w\" sizes=\"(max-width: 767px) 89vw, (max-width: 1000px) 54vw, (max-width: 1071px) 543px, 580px\" \/><\/a><\/figure><div class=\"wp-block-media-text__content\">\n<p class=\"has-text-align-right has-vivid-red-color has-text-color has-large-font-size\">Le Landeron<\/p>\n<\/div><\/div>\n","protected":false},"excerpt":{"rendered":"<p>Pr\u00e9sentation de nos r\u00e9alisations finalis\u00e9es. Le landeron Villa Th\u00e9a Le Landeron Le Faubourg Cressier Chemin des Broillets Le Landeron Chemin des Roches Le Landeron La Russie Le Landeron Les Clouds Est Le Landeron Les Clouds Ouest Gampelen Untereg\u00fcrle Le Landeron Rue du Temple Coffrane Sous-la-Vy-du-Noyer Pr\u00eales Vue des Alpes La Neuveville Route du Ch\u00e2teau Wavre &hellip; <\/p>\n<p class=\"link-more\"><a href=\"http:\/\/www.gicot.ch\/website\/portfolio-bis\/\" class=\"more-link\">Continuer la lecture<span class=\"screen-reader-text\"> de &laquo;&nbsp;Nos r\u00e9alisations&nbsp;&raquo;<\/span><\/a><\/p>\n","protected":false},"author":1,"featured_media":0,"parent":0,"menu_order":0,"comment_status":"closed","ping_status":"closed","template":"","meta":[],"_links":{"self":[{"href":"http:\/\/www.gicot.ch\/website\/wp-json\/wp\/v2\/pages\/1201"}],"collection":[{"href":"http:\/\/www.gicot.ch\/website\/wp-json\/wp\/v2\/pages"}],"about":[{"href":"http:\/\/www.gicot.ch\/website\/wp-json\/wp\/v2\/types\/page"}],"author":[{"embeddable":true,"href":"http:\/\/www.gicot.ch\/website\/wp-json\/wp\/v2\/users\/1"}],"replies":[{"embeddable":true,"href":"http:\/\/www.gicot.ch\/website\/wp-json\/wp\/v2\/comments?post=1201"}],"version-history":[{"count":27,"href":"http:\/\/www.gicot.ch\/website\/wp-json\/wp\/v2\/pages\/1201\/revisions"}],"predecessor-version":[{"id":1864,"href":"http:\/\/www.gicot.ch\/website\/wp-json\/wp\/v2\/pages\/1201\/revisions\/1864"}],"wp:attachment":[{"href":"http:\/\/www.gicot.ch\/website\/wp-json\/wp\/v2\/media?parent=1201"}],"curies":[{"name":"wp","href":"https:\/\/api.w.org\/{rel}","templated":true}]}}